{"id":345,"date":"2021-07-30T17:37:30","date_gmt":"2021-07-30T22:37:30","guid":{"rendered":"https:\/\/timothyrecords.org\/web\/?page_id=345"},"modified":"2021-08-01T22:59:19","modified_gmt":"2021-08-02T03:59:19","slug":"empresario","status":"publish","type":"page","link":"https:\/\/timothyrecords.org\/web\/empresario\/","title":{"rendered":"Empresario"},"content":{"rendered":"<p>[et_pb_section fb_built=&#8221;1&#8243; bg_img_1=&#8221;http:\/\/timothyrecords.org\/web\/wp-content\/uploads\/2021\/07\/political-candidate-25.png&#8221; background_size_1=&#8221;initial&#8221; background_position_1=&#8221;top_right&#8221; background_repeat_1=&#8221;no-repeat&#8221; admin_label=&#8221;Header&#8221; _builder_version=&#8221;3.22&#8243; custom_margin=&#8221;||0px|&#8221; custom_padding=&#8221;0px||0px||true&#8221; hover_enabled=&#8221;0&#8243; sticky_enabled=&#8221;0&#8243;][et_pb_row column_structure=&#8221;1_2,1_2&#8243; make_equal=&#8221;on&#8221; padding_top_bottom_link_2=&#8221;true&#8221; padding_left_right_link_2=&#8221;false&#8221; _builder_version=&#8221;4.9.10&#8243; width=&#8221;100%&#8221; max_width=&#8221;100%&#8221; custom_padding=&#8221;0px||0px||true&#8221; hover_enabled=&#8221;0&#8243; use_custom_width=&#8221;on&#8221; width_unit=&#8221;off&#8221; custom_width_percent=&#8221;100%&#8221; sticky_enabled=&#8221;0&#8243;][et_pb_column type=&#8221;1_2&#8243; _builder_version=&#8221;4.9.10&#8243; background_image=&#8221;http:\/\/timothyrecords.org\/web\/wp-content\/uploads\/2021\/08\/timothy-1024&#215;683.png&#8221; custom_padding=&#8221;|||&#8221; hover_enabled=&#8221;0&#8243; custom_padding__hover=&#8221;|||&#8221; alt=&#8221;TIMOTHY RECORDS COMPANY&#8221; title_text=&#8221;timothyTIMOTHY RECORDS COMPANY&#8221; sticky_enabled=&#8221;0&#8243;][et_pb_image _builder_version=&#8221;3.23&#8243; always_center_on_mobile=&#8221;off&#8221;][\/et_pb_image][et_pb_divider show_divider=&#8221;off&#8221; _builder_version=&#8221;3.14&#8243; height=&#8221;200px&#8221; hover_enabled=&#8221;0&#8243; sticky_enabled=&#8221;0&#8243;][\/et_pb_divider][\/et_pb_column][et_pb_column type=&#8221;1_2&#8243; _builder_version=&#8221;3.25&#8243; background_size=&#8221;initial&#8221; background_position=&#8221;top_right&#8221; custom_padding=&#8221;6vw|10%|6vw|&#8221; custom_padding_tablet=&#8221;|10%||10%||true&#8221; custom_padding_phone=&#8221;|||&#8221; custom_padding_last_edited=&#8221;on|desktop&#8221; padding_phone=&#8221;|||&#8221; padding_tablet=&#8221;|10%||10%||true&#8221; padding_last_edited=&#8221;on|desktop&#8221; custom_padding__hover=&#8221;|||&#8221;][et_pb_text _builder_version=&#8221;4.9.10&#8243; text_font=&#8221;||||||||&#8221; text_font_size=&#8221;16px&#8221; text_line_height=&#8221;2em&#8221; header_font=&#8221;Ubuntu|700|||||||&#8221; header_font_size=&#8221;60px&#8221; header_line_height=&#8221;1.4em&#8221; header_3_font=&#8221;Ubuntu||||||||&#8221; header_3_text_color=&#8221;#bb7860&#8243; header_3_line_height=&#8221;1.8em&#8221; max_width=&#8221;500px&#8221; custom_margin=&#8221;|||&#8221; hover_enabled=&#8221;0&#8243; text_font_size_tablet=&#8221;&#8221; text_font_size_phone=&#8221;14px&#8221; text_font_size_last_edited=&#8221;on|desktop&#8221; header_font_size_tablet=&#8221;&#8221; header_font_size_phone=&#8221;32px&#8221; header_font_size_last_edited=&#8221;on|desktop&#8221; sticky_enabled=&#8221;0&#8243;]<\/p>\n<p><span style=\"font-size: xx-large;\"><b>EDWARD ARCINIEGAS OROZCO<\/b><\/span><\/p>\n<p><span style=\"font-size: large;\"><b>CEO Y FUNDADOR EN TRCompany<\/b><\/span><\/p>\n<p>Nacido el;\u00a006 de diciembre \u00a0de\u00a01980 Cartagena, Bol\u00edvar: Colombia m\u00e1s conocido como\u00a0Timothy ,\u00a0un\u00a0empresario\u00a0\u00a0de los negocios en el sector\u00a0inform\u00e1tico , inversiones digitales,(mercados financieros) especialista en estrategias de marketing, neuromarketing y de la\u00a0industria de la m\u00fasica y del entretenimiento\u00a0colombiano. fundador y\u00a0presidente ejecutivo\u00a0de\u00a0TRCompany \u200b y m\u00e1ximo accionista individual de\u00a0Timothy R\u00e9cords Company S.A.S\u200b<br \/>Fund\u00f3 TRCompany en 2016. Para posicionarla como una de las empresas con mayor proyecci\u00f3n en toda Latinoam\u00e9rica y el mundo.<\/p>\n<p>[\/et_pb_text][et_pb_social_media_follow _builder_version=&#8221;4.9.10&#8243; text_orientation=&#8221;right&#8221; custom_margin_tablet=&#8221;-70px|||&#8221; animation_style=&#8221;slide&#8221; animation_direction=&#8221;left&#8221; animation_delay=&#8221;200ms&#8221; animation_speed_curve=&#8221;ease-out&#8221; hover_enabled=&#8221;0&#8243; border_radii=&#8221;on|0px|0px|0px|0px&#8221; locked=&#8221;off&#8221; sticky_enabled=&#8221;0&#8243;][et_pb_social_media_follow_network social_network=&#8221;facebook&#8221; _builder_version=&#8221;4.9.10&#8243; background_color=&#8221;#bbada1&#8243; custom_margin=&#8221;|||&#8221; custom_padding=&#8221;10px|10px|10px|10px|true|true&#8221; hover_enabled=&#8221;0&#8243; follow_button=&#8221;off&#8221; url_new_window=&#8221;on&#8221; url=&#8221; https:\/\/www.facebook.com\/TimothyElPoeta\/ &#8221; sticky_enabled=&#8221;0&#8243;]facebook[\/et_pb_social_media_follow_network][et_pb_social_media_follow_network social_network=&#8221;twitter&#8221; _builder_version=&#8221;3.14&#8243; background_color=&#8221;rgba(187,173,161,0.9)&#8221; custom_margin=&#8221;|0px||0px||true&#8221; custom_padding=&#8221;10px|10px|10px|10px|true|true&#8221; follow_button=&#8221;off&#8221; url_new_window=&#8221;on&#8221;]twitter[\/et_pb_social_media_follow_network][et_pb_social_media_follow_network social_network=&#8221;linkedin&#8221; _builder_version=&#8221;4.9.10&#8243; background_color=&#8221;rgba(187,173,161,0.8)&#8221; custom_margin=&#8221;|0px||0px||true&#8221; custom_padding=&#8221;10px|10px|10px|10px|true|true&#8221; hover_enabled=&#8221;0&#8243; follow_button=&#8221;off&#8221; url_new_window=&#8221;on&#8221; url=&#8221;http:\/\/linkedin.com\/in\/edward-arciniegas-timothy-27295a47&#8243; sticky_enabled=&#8221;0&#8243;]linkedin[\/et_pb_social_media_follow_network][et_pb_social_media_follow_network social_network=&#8221;instagram&#8221; _builder_version=&#8221;4.9.10&#8243; background_color=&#8221;rgba(187,173,161,0.7)&#8221; custom_margin=&#8221;|0px||0px||true&#8221; custom_padding=&#8221;10px|10px|10px|10px|true|true&#8221; hover_enabled=&#8221;0&#8243; follow_button=&#8221;off&#8221; url_new_window=&#8221;on&#8221; url=&#8221;https:\/\/instagram.com\/timothy_elpoeta\/ &#8221; sticky_enabled=&#8221;0&#8243;]instagram[\/et_pb_social_media_follow_network][et_pb_social_media_follow_network social_network=&#8221;youtube&#8221; background_color=&#8221;#bbada1&#8243; _builder_version=&#8221;4.9.10&#8243; _module_preset=&#8221;default&#8221; follow_button=&#8221;off&#8221; url_new_window=&#8221;on&#8221; url=&#8221;https:\/\/youtu.be\/CZfDSr-5Pjo&#8221; sticky_enabled=&#8221;0&#8243; custom_margin=&#8221;|||&#8221; custom_padding=&#8221;10px|10px|10px|10px|true|true&#8221;]youtube[\/et_pb_social_media_follow_network][\/et_pb_social_media_follow][\/et_pb_column][\/et_pb_row][et_pb_row _builder_version=&#8221;4.9.10&#8243; _module_preset=&#8221;default&#8221;][et_pb_column _builder_version=&#8221;4.9.10&#8243; _module_preset=&#8221;default&#8221; type=&#8221;4_4&#8243;][et_pb_text _builder_version=&#8221;4.9.10&#8243; _module_preset=&#8221;default&#8221; hover_enabled=&#8221;0&#8243; sticky_enabled=&#8221;0&#8243;]<\/p>\n<p style=\"text-align: justify;\">Durante toda su trayectoria y experiencia Edward Arciniegas Orozco (Timothy) ha sido una de las principales influencias de la industria musical con m\u00e1s de 3 \u00e1lbumes publicados, nombrado como uno de los latinos m\u00e1s influyentes por su aporte a la industria y disfrutando de una exitosa carrera que lo ha llevado a conocer gran parte del mundo.<\/p>\n<ul>\n<li style=\"text-align: justify;\">Actor \u2013 Cantautor &#8211; escritor &#8211; M\u00fasico- Productor Musical y Empresario<\/li>\n<li style=\"text-align: justify;\">Ex-integrante de la organizaci\u00f3n musical FULANITO los rompe tarimas de new york<\/li>\n<li style=\"text-align: justify;\">Nombrado como uno de los artistas urbanos y personajes caribe de la d\u00e9cada<\/li>\n<li style=\"text-align: justify;\">Ganador del DISCO DE ORO por la academia de los MIC MUSIC AWARDS<\/li>\n<\/ul>\n<p style=\"text-align: justify;\">Este empresario y artista colombiano, reconocido por su aporte y participaci\u00f3n en grandes, producciones, reality show, series de tv y \u00e9xitos mundiales, entre otros temas de \u00e9xito nacional e internacional lo dejan en la escala de uno de los artistas m\u00e1s importantes de Latinoam\u00e9rica.<\/p>\n<p style=\"text-align: justify;\">Hoy se encuentra ense\u00f1ando al mundo la manera y forma de creer lo que eres.<br \/>una f\u00f3rmula que motiva a todo emprendedor a conseguir sus sue\u00f1os y metas trazadas, basadas en la necesidad existencial a trav\u00e9s de los negocios y la era Digital.<\/p>\n<p style=\"text-align: justify;\">\u00a8 Pasi\u00f3n, intuici\u00f3n, visi\u00f3n, determinaci\u00f3n y liderazgo son las claves que te guiaran al seguir tus sue\u00f1os. \u00a8<\/p>\n<p>[\/et_pb_text][\/et_pb_column][\/et_pb_row][\/et_pb_section][et_pb_section fb_built=&#8221;1&#8243; make_equal=&#8221;on&#8221; specialty=&#8221;on&#8221; background_color_1=&#8221;#393e56&#8243; background_color_2=&#8221;#ffffff&#8221; padding_top_bottom_link_1=&#8221;false&#8221; padding_left_right_link_1=&#8221;false&#8221; padding_left_right_link_2=&#8221;true&#8221; padding_top_1=&#8221;60px&#8221; padding_top_2=&#8221;120px&#8221; padding_right_2=&#8221;40px&#8221; padding_left_1=&#8221;30px&#8221; padding_left_2=&#8221;40px&#8221; padding_2_tablet=&#8221;0px|||&#8221; padding_2_phone=&#8221;40px|10px|40px|10px||true&#8221; padding_2_last_edited=&#8221;on|tablet&#8221; admin_label=&#8221;Feature&#8221; _builder_version=&#8221;3.22&#8243; background_size=&#8221;initial&#8221; background_position=&#8221;bottom_center&#8221; custom_padding=&#8221;54px|0px|0|0px|false|false&#8221;][et_pb_column type=&#8221;1_2&#8243; specialty_columns=&#8221;2&#8243; _builder_version=&#8221;3.25&#8243; background_color=&#8221;#393e56&#8243; custom_padding=&#8221;|||&#8221; custom_padding__hover=&#8221;|||&#8221;][et_pb_row_inner _builder_version=&#8221;4.9.10&#8243; background_color=&#8221;#bbada1&#8243; custom_margin=&#8221;||120px|50px|false&#8221; custom_margin_tablet=&#8221;|||0px&#8221; custom_margin_phone=&#8221;&#8221; custom_margin_last_edited=&#8221;on|tablet&#8221; custom_padding=&#8221;80px|12%|80px|12%|true|true&#8221; animation_style=&#8221;slide&#8221; animation_direction=&#8221;left&#8221; animation_intensity_slide=&#8221;5%&#8221; hover_enabled=&#8221;0&#8243; box_shadow_style=&#8221;preset4&#8243; box_shadow_horizontal=&#8221;-30px&#8221; box_shadow_vertical=&#8221;30px&#8221; box_shadow_color=&#8221;rgba(187,173,161,0.38)&#8221; alt=&#8221;TIMOTHY RECORDS COMPANY&#8221; title_text=&#8221;TIMOTHY RECORDS COMPANY&#8221; background_image=&#8221;http:\/\/timothyrecords.org\/web\/wp-content\/uploads\/2021\/08\/timothy1-268&#215;300.png&#8221; sticky_enabled=&#8221;0&#8243;][et_pb_column_inner saved_specialty_column_type=&#8221;1_2&#8243; _builder_version=&#8221;3.25&#8243; custom_padding=&#8221;|||&#8221; custom_padding__hover=&#8221;|||&#8221;][et_pb_divider color=&#8221;#ffffff&#8221; divider_weight=&#8221;3px&#8221; _builder_version=&#8221;3.14&#8243; max_width=&#8221;60px&#8221; height=&#8221;3px&#8221; custom_margin=&#8221;||10px|&#8221; locked=&#8221;off&#8221;][\/et_pb_divider][et_pb_text _builder_version=&#8221;4.9.10&#8243; text_font=&#8221;||||||||&#8221; text_font_size=&#8221;16px&#8221; text_line_height=&#8221;2em&#8221; header_font=&#8221;||||||||&#8221; header_2_font=&#8221;Ubuntu|700|||||||&#8221; header_2_font_size=&#8221;42px&#8221; header_2_line_height=&#8221;1.4em&#8221; background_layout=&#8221;dark&#8221; custom_margin=&#8221;30%|||&#8221; hover_enabled=&#8221;0&#8243; header_2_font_size_tablet=&#8221;36px&#8221; header_2_font_size_phone=&#8221;&#8221; header_2_font_size_last_edited=&#8221;on|tablet&#8221; locked=&#8221;off&#8221; sticky_enabled=&#8221;0&#8243;]<\/p>\n<h2>Misi\u00f3n<\/h2>\n<h2>Visi\u00f3n<\/h2>\n<h2>Valores<\/h2>\n<p>[\/et_pb_text][\/et_pb_column_inner][\/et_pb_row_inner][\/et_pb_column][et_pb_column type=&#8221;1_2&#8243; _builder_version=&#8221;3.25&#8243; background_color=&#8221;#ffffff&#8221; custom_padding=&#8221;|||&#8221; padding_phone=&#8221;40px|10px|40px|10px||true&#8221; padding_tablet=&#8221;0px|||&#8221; padding_last_edited=&#8221;on|tablet&#8221; custom_padding__hover=&#8221;|||&#8221;][et_pb_text _builder_version=&#8221;4.9.10&#8243; text_font=&#8221;||||||||&#8221; text_line_height=&#8221;2em&#8221; header_font=&#8221;||||||||&#8221; header_3_font=&#8221;Ubuntu||||||||&#8221; header_3_font_size=&#8221;36px&#8221; header_3_line_height=&#8221;1.4em&#8221; custom_margin=&#8221;|||&#8221; custom_margin_tablet=&#8221;||60px|&#8221; custom_margin_phone=&#8221;&#8221; custom_margin_last_edited=&#8221;on|desktop&#8221; hover_enabled=&#8221;0&#8243; text_font_size_phone=&#8221;14px&#8221; text_font_size_last_edited=&#8221;off|desktop&#8221; header_3_font_size_tablet=&#8221;&#8221; header_3_font_size_phone=&#8221;24px&#8221; header_3_font_size_last_edited=&#8221;on|phone&#8221; locked=&#8221;off&#8221; sticky_enabled=&#8221;0&#8243;]<\/p>\n<p><span style=\"color: #202124;\"><span style=\"font-family: Times New Roman, serif;\"><span style=\"font-size: medium;\">La\u00a0<\/span><\/span><\/span><span style=\"color: #202124;\"><span style=\"font-family: Times New Roman, serif;\"><span style=\"font-size: medium;\"><b>visi\u00f3n<\/b><\/span><\/span><\/span><span style=\"color: #202124;\"><span style=\"font-family: Times New Roman, serif;\"><span style=\"font-size: medium;\">\u00a0del\u00a0<\/span><\/span><\/span><span style=\"color: #202124;\"><span style=\"font-family: Times New Roman, serif;\"><span style=\"font-size: medium;\"><b>emprendedor exitoso<\/b><\/span><\/span><\/span><span style=\"color: #202124;\"><span style=\"font-family: Times New Roman, serif;\"><span style=\"font-size: medium;\">: la proactividad<\/span><\/span><\/span><\/p>\n<p><span style=\"color: #202124;\"><span style=\"font-family: Arial, serif;\"><span style=\"font-size: medium;\"><span>Unida a esta destreza, el\u00a0<\/span><\/span><\/span><\/span><span style=\"color: #202124;\"><span style=\"font-family: Arial, serif;\"><span style=\"font-size: medium;\"><b><span>emprendedor<\/span><\/b><\/span><\/span><\/span><span style=\"color: #202124;\"><span style=\"font-family: Arial, serif;\"><span style=\"font-size: medium;\"><span>\u00a0excelente es, adem\u00e1s, visionario, tiene proactividad. El\u00a0<\/span><\/span><\/span><\/span><span style=\"color: #202124;\"><span style=\"font-family: Arial, serif;\"><span style=\"font-size: medium;\"><b><span>emprendedor exitoso<\/span><\/b><\/span><\/span><\/span><span style=\"color: #202124;\"><span style=\"font-family: Arial, serif;\"><span style=\"font-size: medium;\"><span>\u00a0consigue definir cu\u00e1l es su objetivo, d\u00f3nde quiere estar en el futuro y esa determinaci\u00f3n va a hacer que encuentre su motivaci\u00f3n interna para emprender.<\/span><\/span><\/span><\/span><\/p>\n<p>\u00a8 Pasi\u00f3n, intuici\u00f3n, visi\u00f3n, determinaci\u00f3n y liderazgo son las claves que te guiaran al seguir tus sue\u00f1os. \u00a8<\/p>\n<p>&nbsp;<\/p>\n<p><span style=\"color: #202124;\"><span style=\"font-family: Arial, serif;\"><span>Un\u00a0<\/span><\/span><\/span><span style=\"color: #202124;\"><span style=\"font-family: Arial, serif;\"><b><span>emprendedor<\/span><\/b><\/span><\/span><span style=\"color: #202124;\"><span style=\"font-family: Arial, serif;\"><span>\u00a0tiene como\u00a0<\/span><\/span><\/span><span style=\"color: #202124;\"><span style=\"font-family: Arial, serif;\"><b><span>misi\u00f3n<\/span><\/b><\/span><\/span><span style=\"color: #202124;\"><span style=\"font-family: Arial, serif;\"><span>\u00a0buscar cambios nuevos dentro de una sociedad de manera justa y en beneficio de otro no solo para poder beneficiarse as\u00ed mismo.<\/span><\/span><\/span><\/p>\n<p>\u00a8 Pasi\u00f3n, intuici\u00f3n, visi\u00f3n, determinaci\u00f3n y liderazgo son las claves que te guiaran al seguir tus sue\u00f1os. \u00a8<\/p>\n<p>&nbsp;<\/p>\n<p><span style=\"color: #202124;\"><span style=\"font-family: Times New Roman, serif;\"><span style=\"font-size: medium;\"><b>Los\u00a0valores\u00a0que debe tener un\u00a0emprendedor\u00a0para triunfar<\/b><\/span><\/span><\/span><\/p>\n<ul>\n<li>\n<p><span style=\"color: #202124;\"><span style=\"font-family: Arial, serif;\"><span style=\"font-size: medium;\">Ambici\u00f3n. Una dosis moderada de ambici\u00f3n personal es necesaria. <\/span><\/span><\/span><\/p>\n<\/li>\n<li>\n<p><span style=\"color: #202124;\"><span style=\"font-family: Arial, serif;\"><span style=\"font-size: medium;\">Curiosidad. Todo buen\u00a0<\/span><\/span><\/span><span style=\"color: #202124;\"><span style=\"font-family: Arial, serif;\"><span style=\"font-size: medium;\"><b>emprendedor<\/b><\/span><\/span><\/span><span style=\"color: #202124;\"><span style=\"font-family: Arial, serif;\"><span style=\"font-size: medium;\">\u00a0debe poseer curiosidad. <\/span><\/span><\/span><\/p>\n<\/li>\n<li>\n<p><span style=\"color: #202124;\"><span style=\"font-family: Arial, serif;\"><span style=\"font-size: medium;\">Firmeza. La firmeza para enfrentar los retos tampoco es negociable.<\/span><\/span><\/span><\/p>\n<\/li>\n<li>\n<p><span style=\"color: #202124;\"><span style=\"font-family: Arial, serif;\"><span style=\"font-size: medium;\">Liderazgo. Por supuesto, el\u00a0<\/span><\/span><\/span><span style=\"color: #202124;\"><span style=\"font-family: Arial, serif;\"><span style=\"font-size: medium;\"><b>emprendedor<\/b><\/span><\/span><\/span><span style=\"color: #202124;\"><span style=\"font-family: Arial, serif;\"><span style=\"font-size: medium;\">\u00a0debe ser un l\u00edder.<\/span><\/span><\/span><\/p>\n<\/li>\n<li>\n<p><span style=\"color: #202124;\"><span style=\"font-family: Arial, serif;\"><span style=\"font-size: medium;\">So\u00f1ador. <\/span><\/span><\/span><\/p>\n<\/li>\n<li>\n<p><span style=\"color: #202124;\"><span style=\"font-family: Arial, serif;\"><span style=\"font-size: medium;\">Valent\u00eda.<\/span><\/span><\/span><\/p>\n<\/li>\n<\/ul>\n<p>\u00a8 Pasi\u00f3n, intuici\u00f3n, visi\u00f3n, determinaci\u00f3n y liderazgo son las claves que te guiaran al seguir tus sue\u00f1os. \u00a8<\/p>\n<p>[\/et_pb_text][\/et_pb_column][\/et_pb_section]<\/p>\n","protected":false},"excerpt":{"rendered":"<p>EDWARD ARCINIEGAS OROZCO CEO Y FUNDADOR EN TRCompany Nacido el;\u00a006 de diciembre \u00a0de\u00a01980 Cartagena, Bol\u00edvar: Colombia m\u00e1s conocido como\u00a0Timothy ,\u00a0un\u00a0empresario\u00a0\u00a0de los negocios en el sector\u00a0inform\u00e1tico , inversiones digitales,(mercados financieros) especialista en estrategias de marketing, neuromarketing y de la\u00a0industria de la m\u00fasica y del entretenimiento\u00a0colombiano. fundador y\u00a0presidente ejecutivo\u00a0de\u00a0TRCompany \u200b y m\u00e1ximo accionista individual de\u00a0Timothy R\u00e9cords Company [&hellip;]<\/p>\n","protected":false},"author":1,"featured_media":0,"parent":0,"menu_order":0,"comment_status":"closed","ping_status":"closed","template":"","meta":{"_et_pb_use_builder":"on","_et_pb_old_content":"","_et_gb_content_width":"","footnotes":""},"class_list":["post-345","page","type-page","status-publish","hentry"],"_links":{"self":[{"href":"https:\/\/timothyrecords.org\/web\/wp-json\/wp\/v2\/pages\/345","targetHints":{"allow":["GET"]}}],"collection":[{"href":"https:\/\/timothyrecords.org\/web\/wp-json\/wp\/v2\/pages"}],"about":[{"href":"https:\/\/timothyrecords.org\/web\/wp-json\/wp\/v2\/types\/page"}],"author":[{"embeddable":true,"href":"https:\/\/timothyrecords.org\/web\/wp-json\/wp\/v2\/users\/1"}],"replies":[{"embeddable":true,"href":"https:\/\/timothyrecords.org\/web\/wp-json\/wp\/v2\/comments?post=345"}],"version-history":[{"count":6,"href":"https:\/\/timothyrecords.org\/web\/wp-json\/wp\/v2\/pages\/345\/revisions"}],"predecessor-version":[{"id":483,"href":"https:\/\/timothyrecords.org\/web\/wp-json\/wp\/v2\/pages\/345\/revisions\/483"}],"wp:attachment":[{"href":"https:\/\/timothyrecords.org\/web\/wp-json\/wp\/v2\/media?parent=345"}],"curies":[{"name":"wp","href":"https:\/\/api.w.org\/{rel}","templated":true}]}}